{"id":265,"date":"2018-10-06T13:30:24","date_gmt":"2018-10-06T12:30:24","guid":{"rendered":"https:\/\/voleimasters.cat\/lliga\/?page_id=265"},"modified":"2023-10-20T19:25:26","modified_gmt":"2023-10-20T18:25:26","slug":"vallbona-veterans","status":"publish","type":"page","link":"https:\/\/voleimasters.cat\/lliga\/vallbona-veterans\/","title":{"rendered":"Informaci\u00f3 de Vallbona Granollers"},"content":{"rendered":"<p>TEMPORADA 22\/23 Fase 2:<\/p>\n<table class='mstw-lm-table mstw-lm-team-schedule mstw-lm-team-schedule_vallbona'>\n<thead><tr>\n<th>Data<\/th><th>Oponent<\/th><th>Hora<\/th><th>Lloc<\/th><th>Acta<\/th><\/tr><\/thead>\n<tbody>\n<tr class='home-game'>\n<td>26 Mar 2023<\/td>\n<td><a href = 'https:\/\/voleimasters.cat\/lliga\/informacio-de-escola-pia-calella\/'>Escola Pia Calella VERD<\/a><\/td>\n<td>Jornada 3<br\/><a href='https:\/\/voleimasters.cat\/lliga\/2023-04-02-escola-pia-calella-cv-granollers-veterans'>P 2-3<\/a><\/td>\n<td><a href=https:\/\/goo.gl\/maps\/gNnfKfia3DS2 target='_blank'>Pavell\u00f3 Can Bassa &#8211; GRANOLLERS<br\/> (Granollers)<\/a><\/td>\n<td><\/td>\n<\/tr>\n<tr class='away-game'>\n<td>16 Abr 2023<\/td>\n<td><a href = 'https:\/\/voleimasters.cat\/lliga\/amuntsynera\/'>Amunt Sinera<\/a><\/td>\n<td>Jornada 4<br\/><a href='https:\/\/voleimasters.cat\/lliga\/2023-04-16-cv-granollers-veterans-amunt-sinera'>G 3-1<\/a><\/td>\n<td><a href=https:\/\/goo.gl\/maps\/YfoxHCuq7y52 target='_blank'>Pavell\u00f3 Can Zariquei &#8211; ARENYS DE MUNT<br\/> (Arenys de Munt)<\/a><\/td>\n<td><\/td>\n<\/tr>\n<tr class='away-game'>\n<td>7 Maig 2023<\/td>\n<td><a href = 'https:\/\/voleimasters.cat\/lliga\/academiaa\/'>Academia A<\/a><\/td>\n<td>Jornada 2 UP<br\/><a href='https:\/\/voleimasters.cat\/lliga\/2023-03-15-cv-granollers-veterans-academia-a'>G 3-1<\/a><\/td>\n<td><a href=https:\/\/goo.gl\/maps\/14W3yDaUXBPEgLp88 target='_blank'>CEM CARMEL<br\/> (Barcelona)<\/a><\/td>\n<td><\/td>\n<\/tr>\n<tr class='away-game'>\n<td>14 Maig 2023<\/td>\n<td><a href = 'https:\/\/voleimasters.cat\/lliga\/pansios\/'>Pansios<\/a><\/td>\n<td>Jornada 1<br\/><a href='https:\/\/voleimasters.cat\/lliga\/2023-02-28-cv-granollers-veterans-pansios'>G 3-1<\/a><\/td>\n<td><a href=https:\/\/goo.gl\/maps\/jzgyCooFPUP2 target='_blank'>Pavell\u00f3 Fons de les Creus &#8211; ARENYS DE MAR<br\/> (Arenys de Mar)<\/a><\/td>\n<td><\/td>\n<\/tr>\n<tr class='away-game'>\n<td>1 Jun 2023<\/td>\n<td><a href = 'https:\/\/voleimasters.cat\/lliga\/santcugat\/'>Sax Sant Cugat<\/a><\/td>\n<td>Jornada 5<br\/><a href='https:\/\/voleimasters.cat\/lliga\/2023-04-30-cv-granollers-veterans-sax-sant-cugat'>G 3-0<\/a><\/td>\n<td><a href=https:\/\/goo.gl\/maps\/WofTQnAP1X1gZKJ76 target='_blank'>Pavell\u00f3 Municipal Valldoreix<br\/> (Valldoreix)<\/a><\/td>\n<td><\/td>\n<\/tr>\n<\/tbody><\/table>\n\n<table class='mstw-lm-table mstw-lm-standings mstw-lm-standings_23f2or'>\n<thead><tr>\n<th>PTS<\/th><th>Equip<\/th><th>PJ<\/th><th>PG<\/th><th>PG3-2<\/th><th>PP2-3<\/th><th>PP<\/th><th>SG<\/th><th>SP<\/th><\/tr><\/thead>\n<tbody>\n<tr><td>13<\/td><td><a href = 'https:\/\/voleimasters.cat\/lliga\/vallbona\/'>CV Granollers Veterans<\/a><\/td><td>5<\/td><td>4<\/td><td>0<\/td><td>1<\/td><td>0<\/td><td>14<\/td><td>6<\/td><tr><td>12<\/td><td><a href = 'https:\/\/voleimasters.cat\/lliga\/informacio-de-escola-pia-calella\/'>Escola Pia Calella VERD<\/a><\/td><td>5<\/td><td>2<\/td><td>3<\/td><td>0<\/td><td>0<\/td><td>15<\/td><td>7<\/td><tr><td>10<\/td><td><a href = 'https:\/\/voleimasters.cat\/lliga\/amuntsynera\/'>Amunt Sinera<\/a><\/td><td>5<\/td><td>3<\/td><td>0<\/td><td>1<\/td><td>1<\/td><td>12<\/td><td>8<\/td><tr><td>7<\/td><td><a href = 'https:\/\/voleimasters.cat\/lliga\/academiaa\/'>Academia A<\/a><\/td><td>5<\/td><td>2<\/td><td>0<\/td><td>1<\/td><td>2<\/td><td>10<\/td><td>9<\/td><tr><td>0<\/td><td><a href = 'https:\/\/voleimasters.cat\/lliga\/pansios\/'>Pansios<\/a><\/td><td>4<\/td><td>0<\/td><td>0<\/td><td>0<\/td><td>4<\/td><td>3<\/td><td>12<\/td><tr><td>0<\/td><td><a href = 'https:\/\/voleimasters.cat\/lliga\/santcugat\/'>Sax Sant Cugat<\/a><\/td><td>4<\/td><td>0<\/td><td>0<\/td><td>0<\/td><td>4<\/td><td>0<\/td><td>12<\/td><\/tbody><\/table>\n\n<hr \/>\n<p>TEMPORADA 22\/23 Fase 1:<\/p>\n<table class='mstw-lm-table mstw-lm-team-schedule mstw-lm-team-schedule_vallbona'>\n<thead><tr>\n<th>Data<\/th><th>Oponent<\/th><th>Hora<\/th><th>Lloc<\/th><th>Acta<\/th><\/tr><\/thead>\n<tbody>\n<tr class='home-game'>\n<td>15 Oct 2022<\/td>\n<td><a href = 'http:\/\/www.clubvoleipapis.org\/'>Papis Dimecres<\/a><\/td>\n<td>Jornada 1<br\/><a href='https:\/\/voleimasters.cat\/lliga\/2022-10-16-papis-dimecres-cv-granollers-veterans'>G 3-0<\/a><\/td>\n<td><a href=https:\/\/goo.gl\/maps\/gNnfKfia3DS2 target='_blank'>Pavell\u00f3 Can Bassa &#8211; GRANOLLERS<br\/> (Granollers)<\/a><\/td>\n<td><\/td>\n<\/tr>\n<tr class='home-game'>\n<td>23 Oct 2022<\/td>\n<td><a href = 'https:\/\/voleimasters.cat\/lliga\/arenal\/'>Arenal Masters<\/a><\/td>\n<td>Jornada 2<br\/><a href='https:\/\/voleimasters.cat\/lliga\/2022-10-30-arenal-cv-granollers-veterans'>G 3-1<\/a><\/td>\n<td><a href=https:\/\/goo.gl\/maps\/gNnfKfia3DS2 target='_blank'>Pavell\u00f3 Can Bassa &#8211; GRANOLLERS<br\/> (Granollers)<\/a><\/td>\n<td><\/td>\n<\/tr>\n<tr class='home-game'>\n<td>25 Nov 2022<\/td>\n<td><a href = 'https:\/\/voleimasters.cat\/lliga\/informacio-de-escola-pia-calella\/'>Escola Pia Calella VERD<\/a><\/td>\n<td>Jornada 4<br\/><a href='https:\/\/voleimasters.cat\/lliga\/2022-11-30-escola-pia-calella-cv-granollers-veterans'>G 3-1<\/a><\/td>\n<td><a href=https:\/\/goo.gl\/maps\/4iH7SQdFtQu target='_blank'>Pavell\u00f3 El Tub &#8211; GRANOLLERS<br\/> (Granollers)<\/a><\/td>\n<td><\/td>\n<\/tr>\n<tr class='away-game'>\n<td>4 Des 2022<\/td>\n<td><a href = 'https:\/\/voleimasters.cat\/lliga\/pansios\/'>Pansios<\/a><\/td>\n<td>Jornada 3<br\/><a href='https:\/\/voleimasters.cat\/lliga\/2022-11-15-cv-granollers-veterans-pansios'>G 3-2<\/a><\/td>\n<td><a href=https:\/\/goo.gl\/maps\/jzgyCooFPUP2 target='_blank'>Pavell\u00f3 Fons de les Creus &#8211; ARENYS DE MAR<br\/> (Arenys de Mar)<\/a><\/td>\n<td><\/td>\n<\/tr>\n<tr class='home-game'>\n<td>4 Des 2022<\/td>\n<td><a href = 'https:\/\/voleimasters.cat\/lliga\/amuntsynera\/'>Amunt Sinera<\/a><\/td>\n<td>Jornada 5<br\/><a href='https:\/\/voleimasters.cat\/lliga\/2022-12-18-amunt-sinera-cv-granollers-veterans'>G 3-0<\/a><\/td>\n<td><a href=https:\/\/goo.gl\/maps\/gNnfKfia3DS2 target='_blank'>Pavell\u00f3 Can Bassa &#8211; GRANOLLERS<br\/> (Granollers)<\/a><\/td>\n<td><\/td>\n<\/tr>\n<\/tbody><\/table>\n\n<table class='mstw-lm-table mstw-lm-standings mstw-lm-standings_or-22-23-fase1'>\n<thead><tr>\n<th>PTS<\/th><th>Equip<\/th><th>PJ<\/th><th>PG<\/th><th>PG3-2<\/th><th>PP2-3<\/th><th>PP<\/th><th>SG<\/th><th>SP<\/th><\/tr><\/thead>\n<tbody>\n<tr><td>14<\/td><td><a href = 'https:\/\/voleimasters.cat\/lliga\/vallbona\/'>CV Granollers Veterans<\/a><\/td><td>5<\/td><td>4<\/td><td>1<\/td><td>0<\/td><td>0<\/td><td>15<\/td><td>4<\/td><tr><td>11<\/td><td><a href = 'https:\/\/voleimasters.cat\/lliga\/amuntsynera\/'>Amunt Sinera<\/a><\/td><td>5<\/td><td>3<\/td><td>1<\/td><td>0<\/td><td>1<\/td><td>12<\/td><td>7<\/td><tr><td>10<\/td><td><a href = 'https:\/\/voleimasters.cat\/lliga\/pansios\/'>Pansios<\/a><\/td><td>5<\/td><td>3<\/td><td>0<\/td><td>1<\/td><td>1<\/td><td>11<\/td><td>9<\/td><tr><td>6<\/td><td><a href = 'https:\/\/voleimasters.cat\/lliga\/informacio-de-escola-pia-calella\/'>Escola Pia Calella VERD<\/a><\/td><td>5<\/td><td>1<\/td><td>1<\/td><td>1<\/td><td>2<\/td><td>10<\/td><td>11<\/td><tr><td>4<\/td><td><a href = 'https:\/\/voleimasters.cat\/lliga\/arenal\/'>Arenal Masters<\/a><\/td><td>5<\/td><td>1<\/td><td>0<\/td><td>1<\/td><td>3<\/td><td>8<\/td><td>13<\/td><tr><td>0<\/td><td><a href = 'http:\/\/www.clubvoleipapis.org\/'>Papis Dimecres<\/a><\/td><td>5<\/td><td>0<\/td><td>0<\/td><td>0<\/td><td>5<\/td><td>3<\/td><td>15<\/td><\/tbody><\/table>\n\n<hr \/>\n<div id=\"metaslider-id-1368\" style=\"width: 100%;\" class=\"ml-slider-3-108-0 metaslider metaslider-flex metaslider-1368 ml-slider has-dots-nav ms-theme-cubic\" role=\"region\" aria-label=\"Slide Vallbona Veterans\" data-height=\"300\" data-width=\"700\">\n    <div id=\"metaslider_container_1368\">\n        <div id=\"metaslider_1368\">\n            <ul class='slides'>\n                <li style=\"display: block; width: 100%;\" class=\"slide-1371 ms-image \" aria-roledescription=\"slide\" data-date=\"2019-04-21 20:23:31\" data-filename=\"IMG-20190331-WA0016-700x300.jpg\" data-slide-type=\"image\"><img data-recalc-dims=\"1\" loading=\"lazy\" decoding=\"async\" src=\"https:\/\/i0.wp.com\/voleimasters.cat\/lliga\/wp-content\/uploads\/2019\/04\/IMG-20190331-WA0016.jpg?resize=700%2C300&#038;ssl=1\" height=\"300\" width=\"700\" alt=\"\" class=\"slider-1368 slide-1371 msDefaultImage\" title=\"IMG-20190331-WA0016\" \/><\/li>\n                <li style=\"display: none; width: 100%;\" class=\"slide-1372 ms-image \" aria-roledescription=\"slide\" data-date=\"2019-04-21 20:23:31\" data-filename=\"IMG-20190331-WA0047-700x300.jpg\" data-slide-type=\"image\"><img data-recalc-dims=\"1\" loading=\"lazy\" decoding=\"async\" src=\"https:\/\/i0.wp.com\/voleimasters.cat\/lliga\/wp-content\/uploads\/2019\/04\/IMG-20190331-WA0047.jpg?resize=700%2C300&#038;ssl=1\" height=\"300\" width=\"700\" alt=\"\" class=\"slider-1368 slide-1372 msDefaultImage\" title=\"IMG-20190331-WA0047\" \/><\/li>\n                <li style=\"display: none; width: 100%;\" class=\"slide-2409 ms-image \" aria-roledescription=\"slide\" data-date=\"2022-08-03 13:53:55\" data-filename=\"20220619_190238-700x300.jpg\" data-slide-type=\"image\"><img data-recalc-dims=\"1\" loading=\"lazy\" decoding=\"async\" src=\"https:\/\/i0.wp.com\/voleimasters.cat\/lliga\/wp-content\/uploads\/2022\/08\/20220619_190238.jpg?resize=700%2C300&#038;ssl=1\" height=\"300\" width=\"700\" alt=\"\" class=\"slider-1368 slide-2409 msDefaultImage\" title=\"20220619_190238\" \/><\/li>\n                <li style=\"display: none; width: 100%;\" class=\"slide-2410 ms-image \" aria-roledescription=\"slide\" data-date=\"2022-08-03 13:53:56\" data-filename=\"20220619_190212-scaled-700x300.jpg\" data-slide-type=\"image\"><img data-recalc-dims=\"1\" loading=\"lazy\" decoding=\"async\" src=\"https:\/\/i0.wp.com\/voleimasters.cat\/lliga\/wp-content\/uploads\/2022\/08\/20220619_190212-scaled.jpg?resize=700%2C300&#038;ssl=1\" height=\"300\" width=\"700\" alt=\"\" class=\"slider-1368 slide-2410 msDefaultImage\" title=\"20220619_190212\" \/><\/li>\n                <li style=\"display: none; width: 100%;\" class=\"slide-2411 ms-image \" aria-roledescription=\"slide\" data-date=\"2022-08-03 13:53:56\" data-filename=\"20220619_190204-scaled-700x300.jpg\" data-slide-type=\"image\"><img data-recalc-dims=\"1\" loading=\"lazy\" decoding=\"async\" src=\"https:\/\/i0.wp.com\/voleimasters.cat\/lliga\/wp-content\/uploads\/2022\/08\/20220619_190204-scaled.jpg?resize=700%2C300&#038;ssl=1\" height=\"300\" width=\"700\" alt=\"\" class=\"slider-1368 slide-2411 msDefaultImage\" title=\"20220619_190204\" \/><\/li>\n                <li style=\"display: none; width: 100%;\" class=\"slide-2412 ms-image \" aria-roledescription=\"slide\" data-date=\"2022-08-03 13:53:56\" data-filename=\"20220619_190023-scaled-700x300.jpg\" data-slide-type=\"image\"><img data-recalc-dims=\"1\" loading=\"lazy\" decoding=\"async\" src=\"https:\/\/i0.wp.com\/voleimasters.cat\/lliga\/wp-content\/uploads\/2022\/08\/20220619_190023-scaled.jpg?resize=700%2C300&#038;ssl=1\" height=\"300\" width=\"700\" alt=\"\" class=\"slider-1368 slide-2412 msDefaultImage\" title=\"20220619_190023\" \/><\/li>\n                <li style=\"display: none; width: 100%;\" class=\"slide-2413 ms-image \" aria-roledescription=\"slide\" data-date=\"2022-08-03 13:53:56\" data-filename=\"20220619_190019-scaled-700x300.jpg\" data-slide-type=\"image\"><img data-recalc-dims=\"1\" loading=\"lazy\" decoding=\"async\" src=\"https:\/\/i0.wp.com\/voleimasters.cat\/lliga\/wp-content\/uploads\/2022\/08\/20220619_190019-scaled.jpg?resize=700%2C300&#038;ssl=1\" height=\"300\" width=\"700\" alt=\"\" class=\"slider-1368 slide-2413 msDefaultImage\" title=\"20220619_190019\" \/><\/li>\n                <li style=\"display: none; width: 100%;\" class=\"slide-2414 ms-image \" aria-roledescription=\"slide\" data-date=\"2022-08-03 13:53:56\" data-filename=\"20220619_185933-scaled-700x300.jpg\" data-slide-type=\"image\"><img data-recalc-dims=\"1\" loading=\"lazy\" decoding=\"async\" src=\"https:\/\/i0.wp.com\/voleimasters.cat\/lliga\/wp-content\/uploads\/2022\/08\/20220619_185933-scaled.jpg?resize=700%2C300&#038;ssl=1\" height=\"300\" width=\"700\" alt=\"\" class=\"slider-1368 slide-2414 msDefaultImage\" title=\"20220619_185933\" \/><\/li>\n                <li style=\"display: none; width: 100%;\" class=\"slide-2433 ms-image \" aria-roledescription=\"slide\" data-date=\"2022-08-03 13:54:00\" data-filename=\"20220619_184903-scaled-700x300.jpg\" data-slide-type=\"image\"><img data-recalc-dims=\"1\" loading=\"lazy\" decoding=\"async\" src=\"https:\/\/i0.wp.com\/voleimasters.cat\/lliga\/wp-content\/uploads\/2022\/08\/20220619_184903-scaled.jpg?resize=700%2C300&#038;ssl=1\" height=\"300\" width=\"700\" alt=\"\" class=\"slider-1368 slide-2433 msDefaultImage\" title=\"20220619_184903\" \/><\/li>\n                <li style=\"display: none; width: 100%;\" class=\"slide-2441 ms-image \" aria-roledescription=\"slide\" data-date=\"2022-08-03 13:54:02\" data-filename=\"20220619_190209-scaled-700x300.jpg\" data-slide-type=\"image\"><img data-recalc-dims=\"1\" loading=\"lazy\" decoding=\"async\" src=\"https:\/\/i0.wp.com\/voleimasters.cat\/lliga\/wp-content\/uploads\/2022\/08\/20220619_190209-scaled.jpg?resize=700%2C300&#038;ssl=1\" height=\"300\" width=\"700\" alt=\"\" class=\"slider-1368 slide-2441 msDefaultImage\" title=\"20220619_190209\" \/><\/li>\n            <\/ul>\n        <\/div>\n        \n    <\/div>\n<\/div>\n<hr \/>\n<p>Web oficial:<a href=\"http:\/\/aecarlesvallbona.cat\/\"> aecarlesvallbona.cat<\/a><\/p>\n<p>Tel\u00e8fon Contacte Club: <a href=\"tel:649865957\">649 86 59 54<\/a><\/p>\n<p>Email Club: <a href=\"mailto:aecvallbona@gmail.com\">aecvallbona@gmail.com<\/a><\/p>\n<p>Adre\u00e7a: <a href=\"https:\/\/www.google.es\/maps\/place\/Carrer+de+Caterina+Albert,+16,+08402+Granollers,+Barcelona\/@41.5921778,2.2887092,19.75z\/data=!4m5!3m4!1s0x12a4c7eee9de590f:0xc7c6c90b110ce093!8m2!3d41.5921716!4d2.2889934\">Pavell\u00f3 de Can Bassa:<br \/>\nC\/ Caterina Albert, 16. Granollers.<\/a><\/p>\n<p>Entrenaments: Dijous de 20.30h a 22.00h<\/p>\n<p>&nbsp;<\/p>\n<table class=\"form-table\" style=\"height: 84px;\" width=\"824\">\n<tbody>\n<tr>\n<th><\/th>\n<td><\/td>\n<\/tr>\n<\/tbody>\n<\/table>\n<p>&nbsp;<\/p>\n<p>Podeu Accedir a Temporades o Fases Anteriors <a href=\"https:\/\/voleimasters.cat\/lliga\/historic-de-vallbona-veterans\/\">AQUI.<\/a><\/p>\n<p><img data-recalc-dims=\"1\" loading=\"lazy\" decoding=\"async\" data-attachment-id=\"405\" data-permalink=\"https:\/\/voleimasters.cat\/lliga\/vallbona-veterans\/captura-de-pantalla-2018-10-14-a-les-19-38-22\/\" data-orig-file=\"https:\/\/i0.wp.com\/voleimasters.cat\/lliga\/wp-content\/uploads\/2018\/10\/Captura-de-pantalla-2018-10-14-a-les-19.38.22.png?fit=104%2C99&amp;ssl=1\" data-orig-size=\"104,99\" data-comments-opened=\"0\" data-image-meta=\"{&quot;aperture&quot;:&quot;0&quot;,&quot;credit&quot;:&quot;&quot;,&quot;camera&quot;:&quot;&quot;,&quot;caption&quot;:&quot;&quot;,&quot;created_timestamp&quot;:&quot;0&quot;,&quot;copyright&quot;:&quot;&quot;,&quot;focal_length&quot;:&quot;0&quot;,&quot;iso&quot;:&quot;0&quot;,&quot;shutter_speed&quot;:&quot;0&quot;,&quot;title&quot;:&quot;&quot;,&quot;orientation&quot;:&quot;0&quot;}\" data-image-title=\"Captura de pantalla 2018-10-14 a les 19.38.22\" data-image-description=\"\" data-image-caption=\"\" data-large-file=\"https:\/\/i0.wp.com\/voleimasters.cat\/lliga\/wp-content\/uploads\/2018\/10\/Captura-de-pantalla-2018-10-14-a-les-19.38.22.png?fit=104%2C99&amp;ssl=1\" class=\"alignnone size-full wp-image-405\" src=\"https:\/\/i0.wp.com\/voleimasters.cat\/lliga\/wp-content\/uploads\/2018\/10\/Captura-de-pantalla-2018-10-14-a-les-19.38.22.png?resize=104%2C99&#038;ssl=1\" alt=\"\" width=\"104\" height=\"99\" \/><\/p>\n","protected":false},"excerpt":{"rendered":"<p>TEMPORADA 22\/23 Fase 2: TEMPORADA 22\/23 Fase 1: Web oficial: aecarlesvallbona.cat Tel\u00e8fon Contacte Club: 649 86 59 54 Email Club: aecvallbona@gmail.com Adre\u00e7a: Pavell\u00f3 de Can Bassa: C\/ Caterina Albert, 16. Granollers. Entrenaments: Dijous de 20.30h a 22.00h &nbsp; &nbsp; Podeu Accedir a Temporades o Fases Anteriors AQUI.<\/p>\n","protected":false},"author":1,"featured_media":403,"parent":0,"menu_order":0,"comment_status":"open","ping_status":"closed","template":"","meta":{"jetpack_post_was_ever_published":false,"footnotes":""},"class_list":["post-265","page","type-page","status-publish","has-post-thumbnail","hentry"],"jetpack_sharing_enabled":true,"jetpack_shortlink":"https:\/\/wp.me\/PalTCX-4h","jetpack-related-posts":[{"id":233,"url":"https:\/\/voleimasters.cat\/lliga\/pansios\/","url_meta":{"origin":265,"position":0},"title":"Informaci\u00f3 de Pansios","author":"voleimasters_webmaster","date":"06\/10\/2018","format":false,"excerpt":"\u00a0 TEMPORADA 24\/25 Fase 2: TEMPORADA 24\/25 Fase 1: TEMPORADA 23\/24 Fase 2: TEMPORADA 23\/24 Fase 1: TEMPORADA 22\/23 Fase 2: TEMPORADA 22\/23 Fase 1: Podeu Accedir a Temporades o Fases Anteriors AQUI. Link del Club","rel":"","context":"Entrada similar","block_context":{"text":"Entrada similar","link":""},"img":{"alt_text":"","src":"https:\/\/i0.wp.com\/voleimasters.cat\/lliga\/wp-content\/uploads\/2024\/04\/chart-10.png?resize=350%2C200&ssl=1","width":350,"height":200,"srcset":"https:\/\/i0.wp.com\/voleimasters.cat\/lliga\/wp-content\/uploads\/2024\/04\/chart-10.png?resize=350%2C200&ssl=1 1x, https:\/\/i0.wp.com\/voleimasters.cat\/lliga\/wp-content\/uploads\/2024\/04\/chart-10.png?resize=525%2C300&ssl=1 1.5x, https:\/\/i0.wp.com\/voleimasters.cat\/lliga\/wp-content\/uploads\/2024\/04\/chart-10.png?resize=700%2C400&ssl=1 2x, https:\/\/i0.wp.com\/voleimasters.cat\/lliga\/wp-content\/uploads\/2024\/04\/chart-10.png?resize=1050%2C600&ssl=1 3x"},"classes":[]},{"id":175,"url":"https:\/\/voleimasters.cat\/lliga\/academiaa\/","url_meta":{"origin":265,"position":1},"title":"Informaci\u00f3 de Academia A","author":"voleimasters_webmaster","date":"18\/09\/2018","format":false,"excerpt":"TEMPORADA 24\/25 Fase 2: OR TEMPORADA 24\/25 Fase 1: OR TEMPORADA 23\/24 Fase 2 : OR TEMPORADA 23\/24 Fase 1: OR TEMPORADA 22\/23 Fase 2: OR TEMPORADA 22\/23 Fase 1: PLATA Podeu Accedir a Temporades o Fases Anteriors AQUI.","rel":"","context":"Entrada similar","block_context":{"text":"Entrada similar","link":""},"img":{"alt_text":"","src":"https:\/\/i0.wp.com\/voleimasters.cat\/lliga\/wp-content\/uploads\/2024\/04\/chart-4.png?resize=350%2C200&ssl=1","width":350,"height":200,"srcset":"https:\/\/i0.wp.com\/voleimasters.cat\/lliga\/wp-content\/uploads\/2024\/04\/chart-4.png?resize=350%2C200&ssl=1 1x, https:\/\/i0.wp.com\/voleimasters.cat\/lliga\/wp-content\/uploads\/2024\/04\/chart-4.png?resize=525%2C300&ssl=1 1.5x, https:\/\/i0.wp.com\/voleimasters.cat\/lliga\/wp-content\/uploads\/2024\/04\/chart-4.png?resize=700%2C400&ssl=1 2x, https:\/\/i0.wp.com\/voleimasters.cat\/lliga\/wp-content\/uploads\/2024\/04\/chart-4.png?resize=1050%2C600&ssl=1 3x"},"classes":[]},{"id":165,"url":"https:\/\/voleimasters.cat\/lliga\/amuntsynera\/","url_meta":{"origin":265,"position":2},"title":"Informaci\u00f3 de Amunt Sinera","author":"voleimasters_webmaster","date":"18\/09\/2018","format":false,"excerpt":"\u00a0 TEMPORADA 24\/25 Fase 2: TEMPORADA 24\/25 Fase 1: TEMPORADA 23\/24 Fase 2: TEMPORADA 23\/24 Fase 1: TEMPORADA 22\/23 Fase 2: TEMPORADA 22\/23 Fase 1: Podeu Accedir a Temporades o Fases Anteriors AQUI.","rel":"","context":"Entrada similar","block_context":{"text":"Entrada similar","link":""},"img":{"alt_text":"","src":"https:\/\/i0.wp.com\/voleimasters.cat\/lliga\/wp-content\/uploads\/2024\/04\/chart-5.png?resize=350%2C200&ssl=1","width":350,"height":200,"srcset":"https:\/\/i0.wp.com\/voleimasters.cat\/lliga\/wp-content\/uploads\/2024\/04\/chart-5.png?resize=350%2C200&ssl=1 1x, https:\/\/i0.wp.com\/voleimasters.cat\/lliga\/wp-content\/uploads\/2024\/04\/chart-5.png?resize=525%2C300&ssl=1 1.5x, https:\/\/i0.wp.com\/voleimasters.cat\/lliga\/wp-content\/uploads\/2024\/04\/chart-5.png?resize=700%2C400&ssl=1 2x, https:\/\/i0.wp.com\/voleimasters.cat\/lliga\/wp-content\/uploads\/2024\/04\/chart-5.png?resize=1050%2C600&ssl=1 3x"},"classes":[]},{"id":2617,"url":"https:\/\/voleimasters.cat\/lliga\/informacio-de-escola-pia-calella\/","url_meta":{"origin":265,"position":3},"title":"Informaci\u00f3 de Escola Pia Calella","author":"Admin Voleimasters","date":"25\/09\/2022","format":false,"excerpt":"\u00a0 TEMPORADA 24\/25 Fase 2: TEMPORADA 24\/25 Fase 1: TEMPORADA 23\/24 Fase 2: TEMPORADA 23\/24 Fase 1: TEMPORADA 22\/23 Fase 2: TEMPORADA 22\/23 Fase 1:","rel":"","context":"Entrada similar","block_context":{"text":"Entrada similar","link":""},"img":{"alt_text":"","src":"https:\/\/i0.wp.com\/voleimasters.cat\/lliga\/wp-content\/uploads\/2024\/04\/chart-8.png?resize=350%2C200&ssl=1","width":350,"height":200,"srcset":"https:\/\/i0.wp.com\/voleimasters.cat\/lliga\/wp-content\/uploads\/2024\/04\/chart-8.png?resize=350%2C200&ssl=1 1x, https:\/\/i0.wp.com\/voleimasters.cat\/lliga\/wp-content\/uploads\/2024\/04\/chart-8.png?resize=525%2C300&ssl=1 1.5x, https:\/\/i0.wp.com\/voleimasters.cat\/lliga\/wp-content\/uploads\/2024\/04\/chart-8.png?resize=700%2C400&ssl=1 2x, https:\/\/i0.wp.com\/voleimasters.cat\/lliga\/wp-content\/uploads\/2024\/04\/chart-8.png?resize=1050%2C600&ssl=1 3x"},"classes":[]},{"id":254,"url":"https:\/\/voleimasters.cat\/lliga\/santcugat\/","url_meta":{"origin":265,"position":4},"title":"Informaci\u00f3 de Sax Sant Cugat","author":"voleimasters_webmaster","date":"06\/10\/2018","format":false,"excerpt":"\u00a0 TEMPORADA 24\/25 Fase 2: TEMPORADA 24\/25 Fase 1: TEMPORADA 23\/24 Fase 2: TEMPORADA 23\/24 Fase 1: TEMPORADA 22\/23 Fase 2: TEMPORADA 22\/23 Fase 1: Podeu Accedir a Temporades o Fases Anteriors AQUI.","rel":"","context":"Entrada similar","block_context":{"text":"Entrada similar","link":""},"img":{"alt_text":"","src":"https:\/\/i0.wp.com\/voleimasters.cat\/lliga\/wp-content\/uploads\/2024\/04\/Trajectoria-Equips-3.png?resize=350%2C200&ssl=1","width":350,"height":200,"srcset":"https:\/\/i0.wp.com\/voleimasters.cat\/lliga\/wp-content\/uploads\/2024\/04\/Trajectoria-Equips-3.png?resize=350%2C200&ssl=1 1x, https:\/\/i0.wp.com\/voleimasters.cat\/lliga\/wp-content\/uploads\/2024\/04\/Trajectoria-Equips-3.png?resize=525%2C300&ssl=1 1.5x, https:\/\/i0.wp.com\/voleimasters.cat\/lliga\/wp-content\/uploads\/2024\/04\/Trajectoria-Equips-3.png?resize=700%2C400&ssl=1 2x, https:\/\/i0.wp.com\/voleimasters.cat\/lliga\/wp-content\/uploads\/2024\/04\/Trajectoria-Equips-3.png?resize=1050%2C600&ssl=1 3x"},"classes":[]},{"id":2613,"url":"https:\/\/voleimasters.cat\/lliga\/informacio-de-vallbona-adults-2\/","url_meta":{"origin":265,"position":5},"title":"Informaci\u00f3 de Vallbona Adults 2","author":"Admin Voleimasters","date":"25\/09\/2022","format":false,"excerpt":"TEMPORADA 22\/23 Fase 2: TEMPORADA 22\/23 Fase 1:","rel":"","context":"Entrada similar","block_context":{"text":"Entrada similar","link":""},"img":{"alt_text":"","src":"","width":0,"height":0},"classes":[]}],"jetpack_likes_enabled":false,"_links":{"self":[{"href":"https:\/\/voleimasters.cat\/lliga\/wp-json\/wp\/v2\/pages\/265","targetHints":{"allow":["GET"]}}],"collection":[{"href":"https:\/\/voleimasters.cat\/lliga\/wp-json\/wp\/v2\/pages"}],"about":[{"href":"https:\/\/voleimasters.cat\/lliga\/wp-json\/wp\/v2\/types\/page"}],"author":[{"embeddable":true,"href":"https:\/\/voleimasters.cat\/lliga\/wp-json\/wp\/v2\/users\/1"}],"replies":[{"embeddable":true,"href":"https:\/\/voleimasters.cat\/lliga\/wp-json\/wp\/v2\/comments?post=265"}],"version-history":[{"count":11,"href":"https:\/\/voleimasters.cat\/lliga\/wp-json\/wp\/v2\/pages\/265\/revisions"}],"predecessor-version":[{"id":3144,"href":"https:\/\/voleimasters.cat\/lliga\/wp-json\/wp\/v2\/pages\/265\/revisions\/3144"}],"wp:featuredmedia":[{"embeddable":true,"href":"https:\/\/voleimasters.cat\/lliga\/wp-json\/wp\/v2\/media\/403"}],"wp:attachment":[{"href":"https:\/\/voleimasters.cat\/lliga\/wp-json\/wp\/v2\/media?parent=265"}],"curies":[{"name":"wp","href":"https:\/\/api.w.org\/{rel}","templated":true}]}}